{"id":3963,"date":"2020-09-25T01:35:01","date_gmt":"2020-09-25T01:35:01","guid":{"rendered":"https:\/\/tunuyan.gov.ar\/vivitunuyan\/?post_type=atractivos&#038;p=3963"},"modified":"2024-12-26T12:34:51","modified_gmt":"2024-12-26T15:34:51","slug":"cerro-punta-negra","status":"publish","type":"atractivos","link":"https:\/\/tunuyan.gov.ar\/vivitunuyan\/atractivos\/cerro-punta-negra\/","title":{"rendered":"Cerro Punta Negra"},"content":{"rendered":"\n<p>Este cerro emblem\u00e1tico del departamento de Tunuy\u00e1n, est\u00e1 ubicado sobre la misma huella que conduce hasta el Portillo Argentino desde el Manzano Hist\u00f3rico. Al pie del cerro se encuentra el refugio<br>Scaravelli desde el cual se puede hacer base para poder realizar el ascenso que demanda aproximadamente unas 8 hs. de trekking. Si su intenci\u00f3n es el ascenso, informarlo en el puesto de Gendarmer\u00eda Nacional: Refugio Alf\u00e9rez Portinari; ubicado sobre la misma huella,<br>antes de llegar al Caj\u00f3n de Arenales. As\u00ed mismo, le recomendamos contratar un gu\u00eda que conozca las v\u00edas de acceso. La ruta m\u00e1s recomendada es desde el valle de Yaretas. Recuerde respetar las reglas, no arrojar basura ni hacer fuego en lugares no destinados para tal fin.<\/p>\n","protected":false},"excerpt":{"rendered":"<p>Este cerro emblem\u00e1tico del departamento de Tunuy\u00e1n, est\u00e1 ubicado sobre la misma huella que conduce hasta el Portillo Argentino desde el Manzano Hist\u00f3rico. Al pie del cerro se encuentra el refugioScaravelli desde el cual se puede hacer base para poder realizar el ascenso que demanda aproximadamente unas 8 hs. de trekking. Si su intenci\u00f3n es [&hellip;]<\/p>\n","protected":false},"featured_media":3964,"parent":0,"menu_order":0,"template":"","format":"standard","meta":{"footnotes":""},"categorias-de-atractivos":[29],"yoast_head":"<!-- This site is optimized with the Yoast SEO plugin v22.7 - https:\/\/yoast.com\/wordpress\/plugins\/seo\/ -->\n<title>Cerro Punta Negra - VIVI TUNUY\u00c1N<\/title>\n<meta name=\"robots\" content=\"index, follow, max-snippet:-1, max-image-preview:large, max-video-preview:-1\" \/>\n<link rel=\"canonical\" href=\"https:\/\/tunuyan.gov.ar\/vivitunuyan\/atractivos\/cerro-punta-negra\/\" \/>\n<meta property=\"og:locale\" content=\"es_ES\" \/>\n<meta property=\"og:type\" content=\"article\" \/>\n<meta property=\"og:title\" content=\"Cerro Punta Negra - VIVI TUNUY\u00c1N\" \/>\n<meta property=\"og:description\" content=\"Este cerro emblem\u00e1tico del departamento de Tunuy\u00e1n, est\u00e1 ubicado sobre la misma huella que conduce hasta el Portillo Argentino desde el Manzano Hist\u00f3rico. Al pie del cerro se encuentra el refugioScaravelli desde el cual se puede hacer base para poder realizar el ascenso que demanda aproximadamente unas 8 hs. de trekking. Si su intenci\u00f3n es [&hellip;]\" \/>\n<meta property=\"og:url\" content=\"https:\/\/tunuyan.gov.ar\/vivitunuyan\/atractivos\/cerro-punta-negra\/\" \/>\n<meta property=\"og:site_name\" content=\"VIVI TUNUY\u00c1N\" \/>\n<meta property=\"article:publisher\" content=\"https:\/\/www.facebook.com\/tunuyanturismo\" \/>\n<meta property=\"article:modified_time\" content=\"2024-12-26T15:34:51+00:00\" \/>\n<meta property=\"og:image\" content=\"https:\/\/tunuyan.gov.ar\/vivitunuyan\/wp-content\/uploads\/2020\/09\/Cerro-Punta-Negra.jpg\" \/>\n\t<meta property=\"og:image:width\" content=\"1920\" \/>\n\t<meta property=\"og:image:height\" content=\"800\" \/>\n\t<meta property=\"og:image:type\" content=\"image\/jpeg\" \/>\n<meta name=\"twitter:card\" content=\"summary_large_image\" \/>\n<meta name=\"twitter:site\" content=\"@MuniTunuyan\" \/>\n<meta name=\"twitter:label1\" content=\"Tiempo de lectura\" \/>\n\t<meta name=\"twitter:data1\" content=\"1 minuto\" \/>\n<script type=\"application\/ld+json\" class=\"yoast-schema-graph\">{\"@context\":\"https:\/\/schema.org\",\"@graph\":[{\"@type\":\"WebPage\",\"@id\":\"https:\/\/tunuyan.gov.ar\/vivitunuyan\/atractivos\/cerro-punta-negra\/\",\"url\":\"https:\/\/tunuyan.gov.ar\/vivitunuyan\/atractivos\/cerro-punta-negra\/\",\"name\":\"Cerro Punta Negra - VIVI TUNUY\u00c1N\",\"isPartOf\":{\"@id\":\"https:\/\/tunuyan.gov.ar\/vivitunuyan\/#website\"},\"primaryImageOfPage\":{\"@id\":\"https:\/\/tunuyan.gov.ar\/vivitunuyan\/atractivos\/cerro-punta-negra\/#primaryimage\"},\"image\":{\"@id\":\"https:\/\/tunuyan.gov.ar\/vivitunuyan\/atractivos\/cerro-punta-negra\/#primaryimage\"},\"thumbnailUrl\":\"https:\/\/tunuyan.gov.ar\/vivitunuyan\/wp-content\/uploads\/2020\/09\/Cerro-Punta-Negra.jpg\",\"datePublished\":\"2020-09-25T01:35:01+00:00\",\"dateModified\":\"2024-12-26T15:34:51+00:00\",\"breadcrumb\":{\"@id\":\"https:\/\/tunuyan.gov.ar\/vivitunuyan\/atractivos\/cerro-punta-negra\/#breadcrumb\"},\"inLanguage\":\"es\",\"potentialAction\":[{\"@type\":\"ReadAction\",\"target\":[\"https:\/\/tunuyan.gov.ar\/vivitunuyan\/atractivos\/cerro-punta-negra\/\"]}]},{\"@type\":\"ImageObject\",\"inLanguage\":\"es\",\"@id\":\"https:\/\/tunuyan.gov.ar\/vivitunuyan\/atractivos\/cerro-punta-negra\/#primaryimage\",\"url\":\"https:\/\/tunuyan.gov.ar\/vivitunuyan\/wp-content\/uploads\/2020\/09\/Cerro-Punta-Negra.jpg\",\"contentUrl\":\"https:\/\/tunuyan.gov.ar\/vivitunuyan\/wp-content\/uploads\/2020\/09\/Cerro-Punta-Negra.jpg\",\"width\":1920,\"height\":800},{\"@type\":\"BreadcrumbList\",\"@id\":\"https:\/\/tunuyan.gov.ar\/vivitunuyan\/atractivos\/cerro-punta-negra\/#breadcrumb\",\"itemListElement\":[{\"@type\":\"ListItem\",\"position\":1,\"name\":\"Portada\",\"item\":\"https:\/\/tunuyan.gov.ar\/vivitunuyan\/\"},{\"@type\":\"ListItem\",\"position\":2,\"name\":\"Atractivos\",\"item\":\"https:\/\/tunuyan.gov.ar\/vivitunuyan\/atractivos\/\"},{\"@type\":\"ListItem\",\"position\":3,\"name\":\"Cerro Punta Negra\"}]},{\"@type\":\"WebSite\",\"@id\":\"https:\/\/tunuyan.gov.ar\/vivitunuyan\/#website\",\"url\":\"https:\/\/tunuyan.gov.ar\/vivitunuyan\/\",\"name\":\"VIVI TUNUY\u00c1N\",\"description\":\"Municipalidad de Tunuy\u00e1n, Valle de Uco, Mendoza\",\"publisher\":{\"@id\":\"https:\/\/tunuyan.gov.ar\/vivitunuyan\/#organization\"},\"potentialAction\":[{\"@type\":\"SearchAction\",\"target\":{\"@type\":\"EntryPoint\",\"urlTemplate\":\"https:\/\/tunuyan.gov.ar\/vivitunuyan\/?s={search_term_string}\"},\"query-input\":\"required name=search_term_string\"}],\"inLanguage\":\"es\"},{\"@type\":\"Organization\",\"@id\":\"https:\/\/tunuyan.gov.ar\/vivitunuyan\/#organization\",\"name\":\"VIVI TUNUY\u00c1N\",\"url\":\"https:\/\/tunuyan.gov.ar\/vivitunuyan\/\",\"logo\":{\"@type\":\"ImageObject\",\"inLanguage\":\"es\",\"@id\":\"https:\/\/tunuyan.gov.ar\/vivitunuyan\/#\/schema\/logo\/image\/\",\"url\":\"https:\/\/tunuyan.gov.ar\/vivitunuyan\/wp-content\/uploads\/2020\/07\/Logo-ciudad-del-agua-blanco.png\",\"contentUrl\":\"https:\/\/tunuyan.gov.ar\/vivitunuyan\/wp-content\/uploads\/2020\/07\/Logo-ciudad-del-agua-blanco.png\",\"width\":14764,\"height\":11811,\"caption\":\"VIVI TUNUY\u00c1N\"},\"image\":{\"@id\":\"https:\/\/tunuyan.gov.ar\/vivitunuyan\/#\/schema\/logo\/image\/\"},\"sameAs\":[\"https:\/\/www.facebook.com\/tunuyanturismo\",\"https:\/\/x.com\/MuniTunuyan\",\"https:\/\/www.instagram.com\/vivitunuyan\/\"]}]}<\/script>\n<!-- \/ Yoast SEO plugin. -->","yoast_head_json":{"title":"Cerro Punta Negra - VIVI TUNUY\u00c1N","robots":{"index":"index","follow":"follow","max-snippet":"max-snippet:-1","max-image-preview":"max-image-preview:large","max-video-preview":"max-video-preview:-1"},"canonical":"https:\/\/tunuyan.gov.ar\/vivitunuyan\/atractivos\/cerro-punta-negra\/","og_locale":"es_ES","og_type":"article","og_title":"Cerro Punta Negra - VIVI TUNUY\u00c1N","og_description":"Este cerro emblem\u00e1tico del departamento de Tunuy\u00e1n, est\u00e1 ubicado sobre la misma huella que conduce hasta el Portillo Argentino desde el Manzano Hist\u00f3rico. Al pie del cerro se encuentra el refugioScaravelli desde el cual se puede hacer base para poder realizar el ascenso que demanda aproximadamente unas 8 hs. de trekking. Si su intenci\u00f3n es [&hellip;]","og_url":"https:\/\/tunuyan.gov.ar\/vivitunuyan\/atractivos\/cerro-punta-negra\/","og_site_name":"VIVI TUNUY\u00c1N","article_publisher":"https:\/\/www.facebook.com\/tunuyanturismo","article_modified_time":"2024-12-26T15:34:51+00:00","og_image":[{"width":1920,"height":800,"url":"https:\/\/tunuyan.gov.ar\/vivitunuyan\/wp-content\/uploads\/2020\/09\/Cerro-Punta-Negra.jpg","type":"image\/jpeg"}],"twitter_card":"summary_large_image","twitter_site":"@MuniTunuyan","twitter_misc":{"Tiempo de lectura":"1 minuto"},"schema":{"@context":"https:\/\/schema.org","@graph":[{"@type":"WebPage","@id":"https:\/\/tunuyan.gov.ar\/vivitunuyan\/atractivos\/cerro-punta-negra\/","url":"https:\/\/tunuyan.gov.ar\/vivitunuyan\/atractivos\/cerro-punta-negra\/","name":"Cerro Punta Negra - VIVI TUNUY\u00c1N","isPartOf":{"@id":"https:\/\/tunuyan.gov.ar\/vivitunuyan\/#website"},"primaryImageOfPage":{"@id":"https:\/\/tunuyan.gov.ar\/vivitunuyan\/atractivos\/cerro-punta-negra\/#primaryimage"},"image":{"@id":"https:\/\/tunuyan.gov.ar\/vivitunuyan\/atractivos\/cerro-punta-negra\/#primaryimage"},"thumbnailUrl":"https:\/\/tunuyan.gov.ar\/vivitunuyan\/wp-content\/uploads\/2020\/09\/Cerro-Punta-Negra.jpg","datePublished":"2020-09-25T01:35:01+00:00","dateModified":"2024-12-26T15:34:51+00:00","breadcrumb":{"@id":"https:\/\/tunuyan.gov.ar\/vivitunuyan\/atractivos\/cerro-punta-negra\/#breadcrumb"},"inLanguage":"es","potentialAction":[{"@type":"ReadAction","target":["https:\/\/tunuyan.gov.ar\/vivitunuyan\/atractivos\/cerro-punta-negra\/"]}]},{"@type":"ImageObject","inLanguage":"es","@id":"https:\/\/tunuyan.gov.ar\/vivitunuyan\/atractivos\/cerro-punta-negra\/#primaryimage","url":"https:\/\/tunuyan.gov.ar\/vivitunuyan\/wp-content\/uploads\/2020\/09\/Cerro-Punta-Negra.jpg","contentUrl":"https:\/\/tunuyan.gov.ar\/vivitunuyan\/wp-content\/uploads\/2020\/09\/Cerro-Punta-Negra.jpg","width":1920,"height":800},{"@type":"BreadcrumbList","@id":"https:\/\/tunuyan.gov.ar\/vivitunuyan\/atractivos\/cerro-punta-negra\/#breadcrumb","itemListElement":[{"@type":"ListItem","position":1,"name":"Portada","item":"https:\/\/tunuyan.gov.ar\/vivitunuyan\/"},{"@type":"ListItem","position":2,"name":"Atractivos","item":"https:\/\/tunuyan.gov.ar\/vivitunuyan\/atractivos\/"},{"@type":"ListItem","position":3,"name":"Cerro Punta Negra"}]},{"@type":"WebSite","@id":"https:\/\/tunuyan.gov.ar\/vivitunuyan\/#website","url":"https:\/\/tunuyan.gov.ar\/vivitunuyan\/","name":"VIVI TUNUY\u00c1N","description":"Municipalidad de Tunuy\u00e1n, Valle de Uco, Mendoza","publisher":{"@id":"https:\/\/tunuyan.gov.ar\/vivitunuyan\/#organization"},"potentialAction":[{"@type":"SearchAction","target":{"@type":"EntryPoint","urlTemplate":"https:\/\/tunuyan.gov.ar\/vivitunuyan\/?s={search_term_string}"},"query-input":"required name=search_term_string"}],"inLanguage":"es"},{"@type":"Organization","@id":"https:\/\/tunuyan.gov.ar\/vivitunuyan\/#organization","name":"VIVI TUNUY\u00c1N","url":"https:\/\/tunuyan.gov.ar\/vivitunuyan\/","logo":{"@type":"ImageObject","inLanguage":"es","@id":"https:\/\/tunuyan.gov.ar\/vivitunuyan\/#\/schema\/logo\/image\/","url":"https:\/\/tunuyan.gov.ar\/vivitunuyan\/wp-content\/uploads\/2020\/07\/Logo-ciudad-del-agua-blanco.png","contentUrl":"https:\/\/tunuyan.gov.ar\/vivitunuyan\/wp-content\/uploads\/2020\/07\/Logo-ciudad-del-agua-blanco.png","width":14764,"height":11811,"caption":"VIVI TUNUY\u00c1N"},"image":{"@id":"https:\/\/tunuyan.gov.ar\/vivitunuyan\/#\/schema\/logo\/image\/"},"sameAs":["https:\/\/www.facebook.com\/tunuyanturismo","https:\/\/x.com\/MuniTunuyan","https:\/\/www.instagram.com\/vivitunuyan\/"]}]}},"_links":{"self":[{"href":"https:\/\/tunuyan.gov.ar\/vivitunuyan\/wp-json\/wp\/v2\/atractivos\/3963"}],"collection":[{"href":"https:\/\/tunuyan.gov.ar\/vivitunuyan\/wp-json\/wp\/v2\/atractivos"}],"about":[{"href":"https:\/\/tunuyan.gov.ar\/vivitunuyan\/wp-json\/wp\/v2\/types\/atractivos"}],"version-history":[{"count":2,"href":"https:\/\/tunuyan.gov.ar\/vivitunuyan\/wp-json\/wp\/v2\/atractivos\/3963\/revisions"}],"predecessor-version":[{"id":8119,"href":"https:\/\/tunuyan.gov.ar\/vivitunuyan\/wp-json\/wp\/v2\/atractivos\/3963\/revisions\/8119"}],"wp:featuredmedia":[{"embeddable":true,"href":"https:\/\/tunuyan.gov.ar\/vivitunuyan\/wp-json\/wp\/v2\/media\/3964"}],"wp:attachment":[{"href":"https:\/\/tunuyan.gov.ar\/vivitunuyan\/wp-json\/wp\/v2\/media?parent=3963"}],"wp:term":[{"taxonomy":"categorias-de-atractivos","embeddable":true,"href":"https:\/\/tunuyan.gov.ar\/vivitunuyan\/wp-json\/wp\/v2\/categorias-de-atractivos?post=3963"}],"curies":[{"name":"wp","href":"https:\/\/api.w.org\/{rel}","templated":true}]}}