{"id":8946,"date":"2025-04-09T11:54:21","date_gmt":"2025-04-09T14:54:21","guid":{"rendered":"https:\/\/tunuyan.gov.ar\/vivitunuyan\/?post_type=prestadores&#038;p=8946"},"modified":"2025-12-01T10:29:09","modified_gmt":"2025-12-01T13:29:09","slug":"los-andes-cabalgatas","status":"publish","type":"prestadores","link":"https:\/\/tunuyan.gov.ar\/vivitunuyan\/prestadores\/los-andes-cabalgatas\/","title":{"rendered":"Los Andes Cabalgatas"},"content":{"rendered":"\n<p class=\"wp-block-paragraph\">Somos un emprendimiento familiar con mas de 20 a\u00f1os de experiencia en el cruce de la Cordillera de los Andes; en esta traves\u00eda a caballo viviremos y experimentaremos nuestras costumbres gauchescas (asados, campamento, arreo) adem\u00e1s de admirar los diversos paisajes que nos ofrece nuestra Cordillera. Experiencia inolvidable, llena de aventura y conexi\u00f3n con la naturaleza.<\/p>\n","protected":false},"excerpt":{"rendered":"<p>Somos un emprendimiento familiar con mas de 20 a\u00f1os de experiencia en el cruce de la Cordillera de los Andes; en esta traves\u00eda a caballo viviremos y experimentaremos nuestras costumbres gauchescas (asados, campamento, arreo) adem\u00e1s de admirar los diversos paisajes que nos ofrece nuestra Cordillera. Experiencia inolvidable, llena de aventura y conexi\u00f3n con la naturaleza.<\/p>\n","protected":false},"featured_media":9246,"parent":0,"menu_order":0,"template":"","format":"standard","meta":{"footnotes":""},"zona-de-prestadores":[117],"categorias-de-prestadores":[53,25,50],"class_list":["post-8946","prestadores","type-prestadores","status-publish","format-standard","has-post-thumbnail","hentry","zona-de-prestadores-los-chacayes-manzano-historico","categorias-de-prestadores-otras-experiencias-turisticas","categorias-de-prestadores-turismo-aventura","categorias-de-prestadores-turismo-rural"],"yoast_head":"<!-- This site is optimized with the Yoast SEO plugin v28.3 - https:\/\/yoast.com\/product\/yoast-seo-wordpress\/ -->\n<title>Los Andes Cabalgatas - Viv\u00ed Tunuy\u00e1n | Valle de Uco<\/title>\n<meta name=\"robots\" content=\"index, follow, max-snippet:-1, max-image-preview:large, max-video-preview:-1\" \/>\n<link rel=\"canonical\" href=\"https:\/\/tunuyan.gov.ar\/vivitunuyan\/prestadores\/los-andes-cabalgatas\/\" \/>\n<meta property=\"og:locale\" content=\"es_ES\" \/>\n<meta property=\"og:type\" content=\"article\" \/>\n<meta property=\"og:title\" content=\"Los Andes Cabalgatas - Viv\u00ed Tunuy\u00e1n | Valle de Uco\" \/>\n<meta property=\"og:description\" content=\"Somos un emprendimiento familiar con mas de 20 a\u00f1os de experiencia en el cruce de la Cordillera de los Andes; en esta traves\u00eda a caballo viviremos y experimentaremos nuestras costumbres gauchescas (asados, campamento, arreo) adem\u00e1s de admirar los diversos paisajes que nos ofrece nuestra Cordillera. Experiencia inolvidable, llena de aventura y conexi\u00f3n con la naturaleza.\" \/>\n<meta property=\"og:url\" content=\"https:\/\/tunuyan.gov.ar\/vivitunuyan\/prestadores\/los-andes-cabalgatas\/\" \/>\n<meta property=\"og:site_name\" content=\"Viv\u00ed Tunuy\u00e1n | Valle de Uco\" \/>\n<meta property=\"article:publisher\" content=\"https:\/\/www.facebook.com\/tunuyanturismo\" \/>\n<meta property=\"article:modified_time\" content=\"2025-12-01T13:29:09+00:00\" \/>\n<meta property=\"og:image\" content=\"https:\/\/tunuyan.gov.ar\/vivitunuyan\/wp-content\/uploads\/2025\/04\/WhatsApp-Image-2025-12-01-at-09.50.19-e1764595123734.jpeg\" \/>\n\t<meta property=\"og:image:width\" content=\"1200\" \/>\n\t<meta property=\"og:image:height\" content=\"576\" \/>\n\t<meta property=\"og:image:type\" content=\"image\/jpeg\" \/>\n<meta name=\"twitter:card\" content=\"summary_large_image\" \/>\n<meta name=\"twitter:site\" content=\"@MuniTunuyan\" \/>\n<meta name=\"twitter:label1\" content=\"Tiempo de lectura\" \/>\n\t<meta name=\"twitter:data1\" content=\"1 minuto\" \/>\n<script type=\"application\/ld+json\" class=\"yoast-schema-graph\">{\"@context\":\"https:\\\/\\\/schema.org\",\"@graph\":[{\"@type\":\"WebPage\",\"@id\":\"https:\\\/\\\/tunuyan.gov.ar\\\/vivitunuyan\\\/prestadores\\\/los-andes-cabalgatas\\\/\",\"url\":\"https:\\\/\\\/tunuyan.gov.ar\\\/vivitunuyan\\\/prestadores\\\/los-andes-cabalgatas\\\/\",\"name\":\"Los Andes Cabalgatas - Viv\u00ed Tunuy\u00e1n | Valle de Uco\",\"isPartOf\":{\"@id\":\"https:\\\/\\\/tunuyan.gov.ar\\\/vivitunuyan\\\/#website\"},\"primaryImageOfPage\":{\"@id\":\"https:\\\/\\\/tunuyan.gov.ar\\\/vivitunuyan\\\/prestadores\\\/los-andes-cabalgatas\\\/#primaryimage\"},\"image\":{\"@id\":\"https:\\\/\\\/tunuyan.gov.ar\\\/vivitunuyan\\\/prestadores\\\/los-andes-cabalgatas\\\/#primaryimage\"},\"thumbnailUrl\":\"https:\\\/\\\/tunuyan.gov.ar\\\/vivitunuyan\\\/wp-content\\\/uploads\\\/2025\\\/04\\\/WhatsApp-Image-2025-12-01-at-09.50.19-e1764595123734.jpeg\",\"datePublished\":\"2025-04-09T14:54:21+00:00\",\"dateModified\":\"2025-12-01T13:29:09+00:00\",\"breadcrumb\":{\"@id\":\"https:\\\/\\\/tunuyan.gov.ar\\\/vivitunuyan\\\/prestadores\\\/los-andes-cabalgatas\\\/#breadcrumb\"},\"inLanguage\":\"es\",\"potentialAction\":[{\"@type\":\"ReadAction\",\"target\":[\"https:\\\/\\\/tunuyan.gov.ar\\\/vivitunuyan\\\/prestadores\\\/los-andes-cabalgatas\\\/\"]}]},{\"@type\":\"ImageObject\",\"inLanguage\":\"es\",\"@id\":\"https:\\\/\\\/tunuyan.gov.ar\\\/vivitunuyan\\\/prestadores\\\/los-andes-cabalgatas\\\/#primaryimage\",\"url\":\"https:\\\/\\\/tunuyan.gov.ar\\\/vivitunuyan\\\/wp-content\\\/uploads\\\/2025\\\/04\\\/WhatsApp-Image-2025-12-01-at-09.50.19-e1764595123734.jpeg\",\"contentUrl\":\"https:\\\/\\\/tunuyan.gov.ar\\\/vivitunuyan\\\/wp-content\\\/uploads\\\/2025\\\/04\\\/WhatsApp-Image-2025-12-01-at-09.50.19-e1764595123734.jpeg\",\"width\":1200,\"height\":576},{\"@type\":\"BreadcrumbList\",\"@id\":\"https:\\\/\\\/tunuyan.gov.ar\\\/vivitunuyan\\\/prestadores\\\/los-andes-cabalgatas\\\/#breadcrumb\",\"itemListElement\":[{\"@type\":\"ListItem\",\"position\":1,\"name\":\"Portada\",\"item\":\"https:\\\/\\\/tunuyan.gov.ar\\\/vivitunuyan\\\/\"},{\"@type\":\"ListItem\",\"position\":2,\"name\":\"Prestadores\",\"item\":\"https:\\\/\\\/tunuyan.gov.ar\\\/vivitunuyan\\\/prestadores\\\/\"},{\"@type\":\"ListItem\",\"position\":3,\"name\":\"Los Andes Cabalgatas\"}]},{\"@type\":\"WebSite\",\"@id\":\"https:\\\/\\\/tunuyan.gov.ar\\\/vivitunuyan\\\/#website\",\"url\":\"https:\\\/\\\/tunuyan.gov.ar\\\/vivitunuyan\\\/\",\"name\":\"Viv\u00ed Tunuy\u00e1n | Valle de Uco\",\"description\":\"Turismo Tunuy\u00e1n, Valle de Uco\",\"publisher\":{\"@id\":\"https:\\\/\\\/tunuyan.gov.ar\\\/vivitunuyan\\\/#organization\"},\"potentialAction\":[{\"@type\":\"SearchAction\",\"target\":{\"@type\":\"EntryPoint\",\"urlTemplate\":\"https:\\\/\\\/tunuyan.gov.ar\\\/vivitunuyan\\\/?s={search_term_string}\"},\"query-input\":{\"@type\":\"PropertyValueSpecification\",\"valueRequired\":true,\"valueName\":\"search_term_string\"}}],\"inLanguage\":\"es\"},{\"@type\":\"Organization\",\"@id\":\"https:\\\/\\\/tunuyan.gov.ar\\\/vivitunuyan\\\/#organization\",\"name\":\"Viv\u00ed Tunuy\u00e1n | Valle de Uco\",\"url\":\"https:\\\/\\\/tunuyan.gov.ar\\\/vivitunuyan\\\/\",\"logo\":{\"@type\":\"ImageObject\",\"inLanguage\":\"es\",\"@id\":\"https:\\\/\\\/tunuyan.gov.ar\\\/vivitunuyan\\\/#\\\/schema\\\/logo\\\/image\\\/\",\"url\":\"https:\\\/\\\/tunuyan.gov.ar\\\/vivitunuyan\\\/wp-content\\\/uploads\\\/2020\\\/07\\\/Logo-ciudad-del-agua-blanco.png\",\"contentUrl\":\"https:\\\/\\\/tunuyan.gov.ar\\\/vivitunuyan\\\/wp-content\\\/uploads\\\/2020\\\/07\\\/Logo-ciudad-del-agua-blanco.png\",\"width\":14764,\"height\":11811,\"caption\":\"Viv\u00ed Tunuy\u00e1n | Valle de Uco\"},\"image\":{\"@id\":\"https:\\\/\\\/tunuyan.gov.ar\\\/vivitunuyan\\\/#\\\/schema\\\/logo\\\/image\\\/\"},\"sameAs\":[\"https:\\\/\\\/www.facebook.com\\\/tunuyanturismo\",\"https:\\\/\\\/x.com\\\/MuniTunuyan\",\"https:\\\/\\\/www.instagram.com\\\/vivitunuyan\\\/\"]}]}<\/script>\n<!-- \/ Yoast SEO plugin. -->","yoast_head_json":{"title":"Los Andes Cabalgatas - Viv\u00ed Tunuy\u00e1n | Valle de Uco","robots":{"index":"index","follow":"follow","max-snippet":"max-snippet:-1","max-image-preview":"max-image-preview:large","max-video-preview":"max-video-preview:-1"},"canonical":"https:\/\/tunuyan.gov.ar\/vivitunuyan\/prestadores\/los-andes-cabalgatas\/","og_locale":"es_ES","og_type":"article","og_title":"Los Andes Cabalgatas - Viv\u00ed Tunuy\u00e1n | Valle de Uco","og_description":"Somos un emprendimiento familiar con mas de 20 a\u00f1os de experiencia en el cruce de la Cordillera de los Andes; en esta traves\u00eda a caballo viviremos y experimentaremos nuestras costumbres gauchescas (asados, campamento, arreo) adem\u00e1s de admirar los diversos paisajes que nos ofrece nuestra Cordillera. Experiencia inolvidable, llena de aventura y conexi\u00f3n con la naturaleza.","og_url":"https:\/\/tunuyan.gov.ar\/vivitunuyan\/prestadores\/los-andes-cabalgatas\/","og_site_name":"Viv\u00ed Tunuy\u00e1n | Valle de Uco","article_publisher":"https:\/\/www.facebook.com\/tunuyanturismo","article_modified_time":"2025-12-01T13:29:09+00:00","og_image":[{"width":1200,"height":576,"url":"https:\/\/tunuyan.gov.ar\/vivitunuyan\/wp-content\/uploads\/2025\/04\/WhatsApp-Image-2025-12-01-at-09.50.19-e1764595123734.jpeg","type":"image\/jpeg"}],"twitter_card":"summary_large_image","twitter_site":"@MuniTunuyan","twitter_misc":{"Tiempo de lectura":"1 minuto"},"schema":{"@context":"https:\/\/schema.org","@graph":[{"@type":"WebPage","@id":"https:\/\/tunuyan.gov.ar\/vivitunuyan\/prestadores\/los-andes-cabalgatas\/","url":"https:\/\/tunuyan.gov.ar\/vivitunuyan\/prestadores\/los-andes-cabalgatas\/","name":"Los Andes Cabalgatas - Viv\u00ed Tunuy\u00e1n | Valle de Uco","isPartOf":{"@id":"https:\/\/tunuyan.gov.ar\/vivitunuyan\/#website"},"primaryImageOfPage":{"@id":"https:\/\/tunuyan.gov.ar\/vivitunuyan\/prestadores\/los-andes-cabalgatas\/#primaryimage"},"image":{"@id":"https:\/\/tunuyan.gov.ar\/vivitunuyan\/prestadores\/los-andes-cabalgatas\/#primaryimage"},"thumbnailUrl":"https:\/\/tunuyan.gov.ar\/vivitunuyan\/wp-content\/uploads\/2025\/04\/WhatsApp-Image-2025-12-01-at-09.50.19-e1764595123734.jpeg","datePublished":"2025-04-09T14:54:21+00:00","dateModified":"2025-12-01T13:29:09+00:00","breadcrumb":{"@id":"https:\/\/tunuyan.gov.ar\/vivitunuyan\/prestadores\/los-andes-cabalgatas\/#breadcrumb"},"inLanguage":"es","potentialAction":[{"@type":"ReadAction","target":["https:\/\/tunuyan.gov.ar\/vivitunuyan\/prestadores\/los-andes-cabalgatas\/"]}]},{"@type":"ImageObject","inLanguage":"es","@id":"https:\/\/tunuyan.gov.ar\/vivitunuyan\/prestadores\/los-andes-cabalgatas\/#primaryimage","url":"https:\/\/tunuyan.gov.ar\/vivitunuyan\/wp-content\/uploads\/2025\/04\/WhatsApp-Image-2025-12-01-at-09.50.19-e1764595123734.jpeg","contentUrl":"https:\/\/tunuyan.gov.ar\/vivitunuyan\/wp-content\/uploads\/2025\/04\/WhatsApp-Image-2025-12-01-at-09.50.19-e1764595123734.jpeg","width":1200,"height":576},{"@type":"BreadcrumbList","@id":"https:\/\/tunuyan.gov.ar\/vivitunuyan\/prestadores\/los-andes-cabalgatas\/#breadcrumb","itemListElement":[{"@type":"ListItem","position":1,"name":"Portada","item":"https:\/\/tunuyan.gov.ar\/vivitunuyan\/"},{"@type":"ListItem","position":2,"name":"Prestadores","item":"https:\/\/tunuyan.gov.ar\/vivitunuyan\/prestadores\/"},{"@type":"ListItem","position":3,"name":"Los Andes Cabalgatas"}]},{"@type":"WebSite","@id":"https:\/\/tunuyan.gov.ar\/vivitunuyan\/#website","url":"https:\/\/tunuyan.gov.ar\/vivitunuyan\/","name":"Viv\u00ed Tunuy\u00e1n | Valle de Uco","description":"Turismo Tunuy\u00e1n, Valle de Uco","publisher":{"@id":"https:\/\/tunuyan.gov.ar\/vivitunuyan\/#organization"},"potentialAction":[{"@type":"SearchAction","target":{"@type":"EntryPoint","urlTemplate":"https:\/\/tunuyan.gov.ar\/vivitunuyan\/?s={search_term_string}"},"query-input":{"@type":"PropertyValueSpecification","valueRequired":true,"valueName":"search_term_string"}}],"inLanguage":"es"},{"@type":"Organization","@id":"https:\/\/tunuyan.gov.ar\/vivitunuyan\/#organization","name":"Viv\u00ed Tunuy\u00e1n | Valle de Uco","url":"https:\/\/tunuyan.gov.ar\/vivitunuyan\/","logo":{"@type":"ImageObject","inLanguage":"es","@id":"https:\/\/tunuyan.gov.ar\/vivitunuyan\/#\/schema\/logo\/image\/","url":"https:\/\/tunuyan.gov.ar\/vivitunuyan\/wp-content\/uploads\/2020\/07\/Logo-ciudad-del-agua-blanco.png","contentUrl":"https:\/\/tunuyan.gov.ar\/vivitunuyan\/wp-content\/uploads\/2020\/07\/Logo-ciudad-del-agua-blanco.png","width":14764,"height":11811,"caption":"Viv\u00ed Tunuy\u00e1n | Valle de Uco"},"image":{"@id":"https:\/\/tunuyan.gov.ar\/vivitunuyan\/#\/schema\/logo\/image\/"},"sameAs":["https:\/\/www.facebook.com\/tunuyanturismo","https:\/\/x.com\/MuniTunuyan","https:\/\/www.instagram.com\/vivitunuyan\/"]}]}},"_links":{"self":[{"href":"https:\/\/tunuyan.gov.ar\/vivitunuyan\/wp-json\/wp\/v2\/prestadores\/8946","targetHints":{"allow":["GET"]}}],"collection":[{"href":"https:\/\/tunuyan.gov.ar\/vivitunuyan\/wp-json\/wp\/v2\/prestadores"}],"about":[{"href":"https:\/\/tunuyan.gov.ar\/vivitunuyan\/wp-json\/wp\/v2\/types\/prestadores"}],"version-history":[{"count":2,"href":"https:\/\/tunuyan.gov.ar\/vivitunuyan\/wp-json\/wp\/v2\/prestadores\/8946\/revisions"}],"predecessor-version":[{"id":9243,"href":"https:\/\/tunuyan.gov.ar\/vivitunuyan\/wp-json\/wp\/v2\/prestadores\/8946\/revisions\/9243"}],"wp:featuredmedia":[{"embeddable":true,"href":"https:\/\/tunuyan.gov.ar\/vivitunuyan\/wp-json\/wp\/v2\/media\/9246"}],"wp:attachment":[{"href":"https:\/\/tunuyan.gov.ar\/vivitunuyan\/wp-json\/wp\/v2\/media?parent=8946"}],"wp:term":[{"taxonomy":"zona-de-prestadores","embeddable":true,"href":"https:\/\/tunuyan.gov.ar\/vivitunuyan\/wp-json\/wp\/v2\/zona-de-prestadores?post=8946"},{"taxonomy":"categorias-de-prestadores","embeddable":true,"href":"https:\/\/tunuyan.gov.ar\/vivitunuyan\/wp-json\/wp\/v2\/categorias-de-prestadores?post=8946"}],"curies":[{"name":"wp","href":"https:\/\/api.w.org\/{rel}","templated":true}]}}